{"id":7,"date":"2015-11-16T21:55:18","date_gmt":"2015-11-16T20:55:18","guid":{"rendered":"http:\/\/gitedecouesle.fr\/?page_id=7"},"modified":"2020-07-19T16:37:46","modified_gmt":"2020-07-19T15:37:46","slug":"le-gite","status":"publish","type":"page","link":"http:\/\/gitedecouesle.fr\/index.php\/le-gite\/","title":{"rendered":"Le g\u00eete"},"content":{"rendered":"<p><a href=\"https:\/\/i0.wp.com\/gitedecouesle.fr\/wp-content\/uploads\/2016\/01\/Photo_gite33.jpg\" rel=\"attachment wp-att-76\"><img data-recalc-dims=\"1\" loading=\"lazy\" decoding=\"async\" data-attachment-id=\"76\" data-permalink=\"http:\/\/gitedecouesle.fr\/index.php\/le-gite\/photo_gite33\/\" data-orig-file=\"https:\/\/i0.wp.com\/gitedecouesle.fr\/wp-content\/uploads\/2016\/01\/Photo_gite33-e1453649472376.jpg?fit=750%2C563\" data-orig-size=\"750,563\" data-comments-opened=\"1\" data-image-meta=\"{&quot;aperture&quot;:&quot;2.8&quot;,&quot;credit&quot;:&quot;&quot;,&quot;camera&quot;:&quot;DMC-FX60&quot;,&quot;caption&quot;:&quot;&quot;,&quot;created_timestamp&quot;:&quot;1446488722&quot;,&quot;copyright&quot;:&quot;&quot;,&quot;focal_length&quot;:&quot;4.5&quot;,&quot;iso&quot;:&quot;80&quot;,&quot;shutter_speed&quot;:&quot;0.0125&quot;,&quot;title&quot;:&quot;&quot;,&quot;orientation&quot;:&quot;1&quot;}\" data-image-title=\"Vue de loin du g\u00eete\" data-image-description=\"\" data-image-caption=\"\" data-large-file=\"https:\/\/i0.wp.com\/gitedecouesle.fr\/wp-content\/uploads\/2016\/01\/Photo_gite33-e1453649472376.jpg?fit=900%2C675\" class=\"aligncenter wp-image-76 size-full\" src=\"https:\/\/i0.wp.com\/gitedecouesle.fr\/wp-content\/uploads\/2016\/01\/Photo_gite33-e1453649472376.jpg?resize=750%2C563\" alt=\"\" width=\"750\" height=\"563\" \/><\/a><\/p>\n<p>Le g\u00eete se situe au sein d\u2019une propri\u00e9t\u00e9 de 1ha 7 dans un cadre verdoyant et reposant. Il est accol\u00e9 aux \u00e9tangs de Couesl\u00e9, zone de loisirs communale comprenant la p\u00eache, une aire de jeux pour enfants, d\u2019une zone de pique-nique , de promenade,\u00a0 un accrobranche pour les 6-12 ans et un parcours de sant\u00e9.<\/p>\n<p>A 300m du g\u00eete se situe la ferme de Couesl\u00e9, site d\u2019animations associatives et culturelles \u00e9galement mis \u00e0 disposition pour organiser des mariages et autres r\u00e9ceptions.<\/p>\n","protected":false},"excerpt":{"rendered":"<p>Le g\u00eete se situe au sein d\u2019une propri\u00e9t\u00e9 de 1ha 7 dans un cadre verdoyant et reposant. Il est accol\u00e9 aux \u00e9tangs de Couesl\u00e9, zone de loisirs communale comprenant la p\u00eache, une aire de jeux pour enfants, d\u2019une zone de pique-nique , de promenade,\u00a0 un accrobranche pour les 6-12 ans\u2026<\/p>\n<p> <a class=\"continue-reading-link\" href=\"http:\/\/gitedecouesle.fr\/index.php\/le-gite\/\"><span>Continue reading<\/span><i class=\"crycon-right-dir\"><\/i><\/a> <\/p>\n","protected":false},"author":2,"featured_media":0,"parent":0,"menu_order":0,"comment_status":"closed","ping_status":"closed","template":"templates\/template-onecolumn.php","meta":{"jetpack_post_was_ever_published":false,"footnotes":""},"class_list":["post-7","page","type-page","status-publish","hentry"],"yoast_head":"<!-- This site is optimized with the Yoast SEO plugin v27.4 - https:\/\/yoast.com\/product\/yoast-seo-wordpress\/ -->\n<title>Le g\u00eete - G\u00eete de Couesl\u00e9<\/title>\n<meta name=\"robots\" content=\"index, follow, max-snippet:-1, max-image-preview:large, max-video-preview:-1\" \/>\n<link rel=\"canonical\" href=\"http:\/\/gitedecouesle.fr\/index.php\/le-gite\/\" \/>\n<meta property=\"og:locale\" content=\"fr_FR\" \/>\n<meta property=\"og:type\" content=\"article\" \/>\n<meta property=\"og:title\" content=\"Le g\u00eete - G\u00eete de Couesl\u00e9\" \/>\n<meta property=\"og:description\" content=\"Le g\u00eete se situe au sein d\u2019une propri\u00e9t\u00e9 de 1ha 7 dans un cadre verdoyant et reposant. Il est accol\u00e9 aux \u00e9tangs de Couesl\u00e9, zone de loisirs communale comprenant la p\u00eache, une aire de jeux pour enfants, d\u2019une zone de pique-nique , de promenade,\u00a0 un accrobranche pour les 6-12 ans\u2026 Continue reading\" \/>\n<meta property=\"og:url\" content=\"http:\/\/gitedecouesle.fr\/index.php\/le-gite\/\" \/>\n<meta property=\"og:site_name\" content=\"G\u00eete de Couesl\u00e9\" \/>\n<meta property=\"article:modified_time\" content=\"2020-07-19T15:37:46+00:00\" \/>\n<meta property=\"og:image\" content=\"http:\/\/gitedecouesle.fr\/wp-content\/uploads\/2016\/01\/Photo_gite33-e1453649472376.jpg\" \/>\n<meta name=\"twitter:card\" content=\"summary_large_image\" \/>\n<script type=\"application\/ld+json\" class=\"yoast-schema-graph\">{\"@context\":\"https:\\\/\\\/schema.org\",\"@graph\":[{\"@type\":\"WebPage\",\"@id\":\"http:\\\/\\\/gitedecouesle.fr\\\/index.php\\\/le-gite\\\/\",\"url\":\"http:\\\/\\\/gitedecouesle.fr\\\/index.php\\\/le-gite\\\/\",\"name\":\"Le g\u00eete - G\u00eete de Couesl\u00e9\",\"isPartOf\":{\"@id\":\"http:\\\/\\\/gitedecouesle.fr\\\/#website\"},\"primaryImageOfPage\":{\"@id\":\"http:\\\/\\\/gitedecouesle.fr\\\/index.php\\\/le-gite\\\/#primaryimage\"},\"image\":{\"@id\":\"http:\\\/\\\/gitedecouesle.fr\\\/index.php\\\/le-gite\\\/#primaryimage\"},\"thumbnailUrl\":\"http:\\\/\\\/gitedecouesle.fr\\\/wp-content\\\/uploads\\\/2016\\\/01\\\/Photo_gite33-e1453649472376.jpg\",\"datePublished\":\"2015-11-16T20:55:18+00:00\",\"dateModified\":\"2020-07-19T15:37:46+00:00\",\"breadcrumb\":{\"@id\":\"http:\\\/\\\/gitedecouesle.fr\\\/index.php\\\/le-gite\\\/#breadcrumb\"},\"inLanguage\":\"fr-FR\",\"potentialAction\":[{\"@type\":\"ReadAction\",\"target\":[\"http:\\\/\\\/gitedecouesle.fr\\\/index.php\\\/le-gite\\\/\"]}]},{\"@type\":\"ImageObject\",\"inLanguage\":\"fr-FR\",\"@id\":\"http:\\\/\\\/gitedecouesle.fr\\\/index.php\\\/le-gite\\\/#primaryimage\",\"url\":\"https:\\\/\\\/i0.wp.com\\\/gitedecouesle.fr\\\/wp-content\\\/uploads\\\/2016\\\/01\\\/Photo_gite33-e1453649472376.jpg?fit=750%2C563\",\"contentUrl\":\"https:\\\/\\\/i0.wp.com\\\/gitedecouesle.fr\\\/wp-content\\\/uploads\\\/2016\\\/01\\\/Photo_gite33-e1453649472376.jpg?fit=750%2C563\",\"width\":750,\"height\":563},{\"@type\":\"BreadcrumbList\",\"@id\":\"http:\\\/\\\/gitedecouesle.fr\\\/index.php\\\/le-gite\\\/#breadcrumb\",\"itemListElement\":[{\"@type\":\"ListItem\",\"position\":1,\"name\":\"Accueil\",\"item\":\"http:\\\/\\\/gitedecouesle.fr\\\/\"},{\"@type\":\"ListItem\",\"position\":2,\"name\":\"Le g\u00eete\"}]},{\"@type\":\"WebSite\",\"@id\":\"http:\\\/\\\/gitedecouesle.fr\\\/#website\",\"url\":\"http:\\\/\\\/gitedecouesle.fr\\\/\",\"name\":\"G\u00eete de Couesl\u00e9\",\"description\":\"Un site reposant au pays de Redon\",\"potentialAction\":[{\"@type\":\"SearchAction\",\"target\":{\"@type\":\"EntryPoint\",\"urlTemplate\":\"http:\\\/\\\/gitedecouesle.fr\\\/?s={search_term_string}\"},\"query-input\":{\"@type\":\"PropertyValueSpecification\",\"valueRequired\":true,\"valueName\":\"search_term_string\"}}],\"inLanguage\":\"fr-FR\"}]}<\/script>\n<!-- \/ Yoast SEO plugin. -->","yoast_head_json":{"title":"Le g\u00eete - G\u00eete de Couesl\u00e9","robots":{"index":"index","follow":"follow","max-snippet":"max-snippet:-1","max-image-preview":"max-image-preview:large","max-video-preview":"max-video-preview:-1"},"canonical":"http:\/\/gitedecouesle.fr\/index.php\/le-gite\/","og_locale":"fr_FR","og_type":"article","og_title":"Le g\u00eete - G\u00eete de Couesl\u00e9","og_description":"Le g\u00eete se situe au sein d\u2019une propri\u00e9t\u00e9 de 1ha 7 dans un cadre verdoyant et reposant. Il est accol\u00e9 aux \u00e9tangs de Couesl\u00e9, zone de loisirs communale comprenant la p\u00eache, une aire de jeux pour enfants, d\u2019une zone de pique-nique , de promenade,\u00a0 un accrobranche pour les 6-12 ans\u2026 Continue reading","og_url":"http:\/\/gitedecouesle.fr\/index.php\/le-gite\/","og_site_name":"G\u00eete de Couesl\u00e9","article_modified_time":"2020-07-19T15:37:46+00:00","og_image":[{"url":"http:\/\/gitedecouesle.fr\/wp-content\/uploads\/2016\/01\/Photo_gite33-e1453649472376.jpg","type":"","width":"","height":""}],"twitter_card":"summary_large_image","schema":{"@context":"https:\/\/schema.org","@graph":[{"@type":"WebPage","@id":"http:\/\/gitedecouesle.fr\/index.php\/le-gite\/","url":"http:\/\/gitedecouesle.fr\/index.php\/le-gite\/","name":"Le g\u00eete - G\u00eete de Couesl\u00e9","isPartOf":{"@id":"http:\/\/gitedecouesle.fr\/#website"},"primaryImageOfPage":{"@id":"http:\/\/gitedecouesle.fr\/index.php\/le-gite\/#primaryimage"},"image":{"@id":"http:\/\/gitedecouesle.fr\/index.php\/le-gite\/#primaryimage"},"thumbnailUrl":"http:\/\/gitedecouesle.fr\/wp-content\/uploads\/2016\/01\/Photo_gite33-e1453649472376.jpg","datePublished":"2015-11-16T20:55:18+00:00","dateModified":"2020-07-19T15:37:46+00:00","breadcrumb":{"@id":"http:\/\/gitedecouesle.fr\/index.php\/le-gite\/#breadcrumb"},"inLanguage":"fr-FR","potentialAction":[{"@type":"ReadAction","target":["http:\/\/gitedecouesle.fr\/index.php\/le-gite\/"]}]},{"@type":"ImageObject","inLanguage":"fr-FR","@id":"http:\/\/gitedecouesle.fr\/index.php\/le-gite\/#primaryimage","url":"https:\/\/i0.wp.com\/gitedecouesle.fr\/wp-content\/uploads\/2016\/01\/Photo_gite33-e1453649472376.jpg?fit=750%2C563","contentUrl":"https:\/\/i0.wp.com\/gitedecouesle.fr\/wp-content\/uploads\/2016\/01\/Photo_gite33-e1453649472376.jpg?fit=750%2C563","width":750,"height":563},{"@type":"BreadcrumbList","@id":"http:\/\/gitedecouesle.fr\/index.php\/le-gite\/#breadcrumb","itemListElement":[{"@type":"ListItem","position":1,"name":"Accueil","item":"http:\/\/gitedecouesle.fr\/"},{"@type":"ListItem","position":2,"name":"Le g\u00eete"}]},{"@type":"WebSite","@id":"http:\/\/gitedecouesle.fr\/#website","url":"http:\/\/gitedecouesle.fr\/","name":"G\u00eete de Couesl\u00e9","description":"Un site reposant au pays de Redon","potentialAction":[{"@type":"SearchAction","target":{"@type":"EntryPoint","urlTemplate":"http:\/\/gitedecouesle.fr\/?s={search_term_string}"},"query-input":{"@type":"PropertyValueSpecification","valueRequired":true,"valueName":"search_term_string"}}],"inLanguage":"fr-FR"}]}},"jetpack_sharing_enabled":true,"jetpack_shortlink":"https:\/\/wp.me\/P6X4BW-7","jetpack-related-posts":[],"_links":{"self":[{"href":"http:\/\/gitedecouesle.fr\/index.php\/wp-json\/wp\/v2\/pages\/7","targetHints":{"allow":["GET"]}}],"collection":[{"href":"http:\/\/gitedecouesle.fr\/index.php\/wp-json\/wp\/v2\/pages"}],"about":[{"href":"http:\/\/gitedecouesle.fr\/index.php\/wp-json\/wp\/v2\/types\/page"}],"author":[{"embeddable":true,"href":"http:\/\/gitedecouesle.fr\/index.php\/wp-json\/wp\/v2\/users\/2"}],"replies":[{"embeddable":true,"href":"http:\/\/gitedecouesle.fr\/index.php\/wp-json\/wp\/v2\/comments?post=7"}],"version-history":[{"count":7,"href":"http:\/\/gitedecouesle.fr\/index.php\/wp-json\/wp\/v2\/pages\/7\/revisions"}],"predecessor-version":[{"id":262,"href":"http:\/\/gitedecouesle.fr\/index.php\/wp-json\/wp\/v2\/pages\/7\/revisions\/262"}],"wp:attachment":[{"href":"http:\/\/gitedecouesle.fr\/index.php\/wp-json\/wp\/v2\/media?parent=7"}],"curies":[{"name":"wp","href":"https:\/\/api.w.org\/{rel}","templated":true}]}}